{"id":10650,"date":"2021-05-03T17:54:48","date_gmt":"2021-05-03T16:54:48","guid":{"rendered":"https:\/\/atdb-production.studiograft.dev\/fr\/product\/import-placeholder-for-23525\/"},"modified":"2024-01-31T15:27:21","modified_gmt":"2024-01-31T15:27:21","slug":"cuboid-8","status":"publish","type":"product","link":"https:\/\/distribution.audio-technica.eu\/fr-fr\/produits\/cuboid-8\/","title":{"rendered":"Cuboid 8"},"content":{"rendered":"<h2>Cuboid 8<\/h2>\n<p class=\"p2\">Cuboid 8 est une enceinte passive 8\u2019\u2019 2 voies \u00e0 large spectre con\u00e7ue pour surpasser sa taille compacte. Pour des distances de diffusion courtes \u00e0 moyennes, elle d\u00e9livre sans effort un son riche et d\u00e9taill\u00e9 avec punch et pr\u00e9cision.<\/p>\n<p class=\"p2\">Avec son caisson en bois, sa grille en acier et ses accessoires de montage en option, Cuboid 8 peut \u00eatre fix\u00e9e horizontalement ou verticalement et est gage d\u2019une installation propre et professionnelle.<\/p>\n<p class=\"p2\">Avec son haut-parleur basse fr\u00e9quences (LF) de 8 \u201d Cuboid 8 d\u00e9livre des basses et des m\u00e9diums impressionnants, et son tweeter haute fr\u00e9quence (HF) de 1\u201d, apporte clart\u00e9 vocale et projection. Dot\u00e9 d\u2019un pavillon pivotant, et avec un niveau de pression acoustique de 121dB cr\u00eate, Cuboid8 offre des performances impressionnantes quelle que soit son orientation (horizontale ou verticale)<\/p>\n<p class=\"p3\">Afin d\u2019augmenter les performances dans les basses, Cuboid 8 peut \u00eatre associ\u00e9e au Sub10. L\u2019utilisation du SmartAmp30 permettra alors d\u2019optimiser les r\u00e9glages et de prot\u00e9ger les HPs lors d\u2019utilisation \u00e0 fort volume. Avec un ZonePad et la WebApp la configuration sera rapide et le contr\u00f4le intuitif.<span class=\"Apple-converted-space\">\u00a0<\/span><\/p>\n<p><strong>Applications<\/strong><\/p>\n<p>Caf\u00e9s \/ Bars \/ Restaurants, Petits Commerces, Salles de R\u00e9ception, H\u00f4tels, \u00c9ducation, Lieux de Culte, Bureaux et Administrations, Mus\u00e9es, Salles de sport, R\u00e9sidentiel.<\/p>\n","protected":false},"excerpt":{"rendered":"<h3>Enceinte murale passive 8\u201d -2 voies, spectre complet<\/h3>\n<p class=\"p2\"><strong>Caract\u00e9ristiques<\/strong><\/p>\n<ul>\n<li class=\"p2\">Compacte<\/li>\n<li class=\"p2\">Montage horizontal ou vertical<\/li>\n<li class=\"p2\">Pavillon haute-fr\u00e9quence pivotant<\/li>\n<li class=\"p2\">Directivit\u00e9 : 90\u00b0 hor x 50\u00b0 vert<\/li>\n<li class=\"p2\">R\u00e9ponse en fr\u00e9quences : 65Hz &#8211; 20kHz<\/li>\n<li class=\"p3\">SPL = 121dbB cr\u00eate<\/li>\n<\/ul>\n","protected":false},"featured_media":10692,"template":"","meta":{"_acf_changed":false},"product_brand":[],"product_cat":[2145,2144],"product_tag":[],"class_list":{"0":"post-10650","1":"product","2":"type-product","3":"status-publish","4":"has-post-thumbnail","6":"product_cat-cuboid-speakers","7":"product_cat-enceintes","9":"first","10":"instock","11":"shipping-taxable","12":"product-type-simple"},"acf":[],"yoast_head":"<!-- This site is optimized with the Yoast SEO plugin v27.1.1 - https:\/\/yoast.com\/product\/yoast-seo-wordpress\/ -->\n<title>Cuboid 8 - FR Audio-Technica Distribution<\/title>\n<meta name=\"robots\" content=\"index, follow, max-snippet:-1, max-image-preview:large, max-video-preview:-1\" \/>\n<link rel=\"canonical\" href=\"https:\/\/distribution.audio-technica.eu\/fr-fr\/produits\/cuboid-8\/\" \/>\n<meta property=\"og:locale\" content=\"fr_FR\" \/>\n<meta property=\"og:type\" content=\"article\" \/>\n<meta property=\"og:title\" content=\"Cuboid 8 - FR Audio-Technica Distribution\" \/>\n<meta property=\"og:description\" content=\"Enceinte murale passive 8\u201d -2 voies, spectre complet Caract\u00e9ristiques    Compacte  Montage horizontal ou vertical  Pavillon haute-fr\u00e9quence pivotant  Directivit\u00e9 : 90\u00b0 hor x 50\u00b0 vert  R\u00e9ponse en fr\u00e9quences : 65Hz - 20kHz  SPL = 121dbB cr\u00eate\" \/>\n<meta property=\"og:url\" content=\"https:\/\/distribution.audio-technica.eu\/fr-fr\/produits\/cuboid-8\/\" \/>\n<meta property=\"og:site_name\" content=\"FR Audio-Technica Distribution\" \/>\n<meta property=\"article:modified_time\" content=\"2024-01-31T15:27:21+00:00\" \/>\n<meta property=\"og:image\" content=\"https:\/\/distribution.audio-technica.eu\/app\/uploads\/sites\/3\/OA-Cuboid-8-Front-Cutout.jpg\" \/>\n\t<meta property=\"og:image:width\" content=\"2000\" \/>\n\t<meta property=\"og:image:height\" content=\"2000\" \/>\n\t<meta property=\"og:image:type\" content=\"image\/jpeg\" \/>\n<meta name=\"twitter:card\" content=\"summary_large_image\" \/>\n<meta name=\"twitter:label1\" content=\"Dur\u00e9e de lecture estim\u00e9e\" \/>\n\t<meta name=\"twitter:data1\" content=\"2 minutes\" \/>\n<script type=\"application\/ld+json\" class=\"yoast-schema-graph\">{\"@context\":\"https:\/\/schema.org\",\"@graph\":[{\"@type\":\"WebPage\",\"@id\":\"https:\/\/distribution.audio-technica.eu\/fr-fr\/produits\/cuboid-8\/\",\"url\":\"https:\/\/distribution.audio-technica.eu\/fr-fr\/produits\/cuboid-8\/\",\"name\":\"Cuboid 8 - FR Audio-Technica Distribution\",\"isPartOf\":{\"@id\":\"https:\/\/distribution.audio-technica.eu\/fr-fr\/#website\"},\"primaryImageOfPage\":{\"@id\":\"https:\/\/distribution.audio-technica.eu\/fr-fr\/produits\/cuboid-8\/#primaryimage\"},\"image\":{\"@id\":\"https:\/\/distribution.audio-technica.eu\/fr-fr\/produits\/cuboid-8\/#primaryimage\"},\"thumbnailUrl\":\"\/app\/uploads\/sites\/3\/OA-Cuboid-8-Front-Cutout.jpg\",\"datePublished\":\"2021-05-03T16:54:48+00:00\",\"dateModified\":\"2024-01-31T15:27:21+00:00\",\"breadcrumb\":{\"@id\":\"https:\/\/distribution.audio-technica.eu\/fr-fr\/produits\/cuboid-8\/#breadcrumb\"},\"inLanguage\":\"fr-FR\",\"potentialAction\":[{\"@type\":\"ReadAction\",\"target\":[\"https:\/\/distribution.audio-technica.eu\/fr-fr\/produits\/cuboid-8\/\"]}]},{\"@type\":\"ImageObject\",\"inLanguage\":\"fr-FR\",\"@id\":\"https:\/\/distribution.audio-technica.eu\/fr-fr\/produits\/cuboid-8\/#primaryimage\",\"url\":\"\/app\/uploads\/sites\/3\/OA-Cuboid-8-Front-Cutout.jpg\",\"contentUrl\":\"\/app\/uploads\/sites\/3\/OA-Cuboid-8-Front-Cutout.jpg\",\"width\":2000,\"height\":2000},{\"@type\":\"BreadcrumbList\",\"@id\":\"https:\/\/distribution.audio-technica.eu\/fr-fr\/produits\/cuboid-8\/#breadcrumb\",\"itemListElement\":[{\"@type\":\"ListItem\",\"position\":1,\"name\":\"Products\",\"item\":\"https:\/\/distribution.audio-technica.eu\/fr-fr\/\"},{\"@type\":\"ListItem\",\"position\":2,\"name\":\"Produits\",\"item\":\"https:\/\/distribution.audio-technica.eu\/fr-fr\/produits\/\"},{\"@type\":\"ListItem\",\"position\":3,\"name\":\"Cuboid 8\"}]},{\"@type\":\"WebSite\",\"@id\":\"https:\/\/distribution.audio-technica.eu\/fr-fr\/#website\",\"url\":\"https:\/\/distribution.audio-technica.eu\/fr-fr\/\",\"name\":\"FR Audio-Technica Distribution\",\"description\":\"\",\"potentialAction\":[{\"@type\":\"SearchAction\",\"target\":{\"@type\":\"EntryPoint\",\"urlTemplate\":\"https:\/\/distribution.audio-technica.eu\/fr-fr\/?s={search_term_string}\"},\"query-input\":{\"@type\":\"PropertyValueSpecification\",\"valueRequired\":true,\"valueName\":\"search_term_string\"}}],\"inLanguage\":\"fr-FR\"}]}<\/script>\n<!-- \/ Yoast SEO plugin. -->","yoast_head_json":{"title":"Cuboid 8 - FR Audio-Technica Distribution","robots":{"index":"index","follow":"follow","max-snippet":"max-snippet:-1","max-image-preview":"max-image-preview:large","max-video-preview":"max-video-preview:-1"},"canonical":"https:\/\/distribution.audio-technica.eu\/fr-fr\/produits\/cuboid-8\/","og_locale":"fr_FR","og_type":"article","og_title":"Cuboid 8 - FR Audio-Technica Distribution","og_description":"Enceinte murale passive 8\u201d -2 voies, spectre complet Caract\u00e9ristiques    Compacte  Montage horizontal ou vertical  Pavillon haute-fr\u00e9quence pivotant  Directivit\u00e9 : 90\u00b0 hor x 50\u00b0 vert  R\u00e9ponse en fr\u00e9quences : 65Hz - 20kHz  SPL = 121dbB cr\u00eate","og_url":"https:\/\/distribution.audio-technica.eu\/fr-fr\/produits\/cuboid-8\/","og_site_name":"FR Audio-Technica Distribution","article_modified_time":"2024-01-31T15:27:21+00:00","og_image":[{"width":2000,"height":2000,"url":"https:\/\/distribution.audio-technica.eu\/app\/uploads\/sites\/3\/OA-Cuboid-8-Front-Cutout.jpg","type":"image\/jpeg"}],"twitter_card":"summary_large_image","twitter_misc":{"Dur\u00e9e de lecture estim\u00e9e":"2 minutes"},"schema":{"@context":"https:\/\/schema.org","@graph":[{"@type":"WebPage","@id":"https:\/\/distribution.audio-technica.eu\/fr-fr\/produits\/cuboid-8\/","url":"https:\/\/distribution.audio-technica.eu\/fr-fr\/produits\/cuboid-8\/","name":"Cuboid 8 - FR Audio-Technica Distribution","isPartOf":{"@id":"https:\/\/distribution.audio-technica.eu\/fr-fr\/#website"},"primaryImageOfPage":{"@id":"https:\/\/distribution.audio-technica.eu\/fr-fr\/produits\/cuboid-8\/#primaryimage"},"image":{"@id":"https:\/\/distribution.audio-technica.eu\/fr-fr\/produits\/cuboid-8\/#primaryimage"},"thumbnailUrl":"\/app\/uploads\/sites\/3\/OA-Cuboid-8-Front-Cutout.jpg","datePublished":"2021-05-03T16:54:48+00:00","dateModified":"2024-01-31T15:27:21+00:00","breadcrumb":{"@id":"https:\/\/distribution.audio-technica.eu\/fr-fr\/produits\/cuboid-8\/#breadcrumb"},"inLanguage":"fr-FR","potentialAction":[{"@type":"ReadAction","target":["https:\/\/distribution.audio-technica.eu\/fr-fr\/produits\/cuboid-8\/"]}]},{"@type":"ImageObject","inLanguage":"fr-FR","@id":"https:\/\/distribution.audio-technica.eu\/fr-fr\/produits\/cuboid-8\/#primaryimage","url":"\/app\/uploads\/sites\/3\/OA-Cuboid-8-Front-Cutout.jpg","contentUrl":"\/app\/uploads\/sites\/3\/OA-Cuboid-8-Front-Cutout.jpg","width":2000,"height":2000},{"@type":"BreadcrumbList","@id":"https:\/\/distribution.audio-technica.eu\/fr-fr\/produits\/cuboid-8\/#breadcrumb","itemListElement":[{"@type":"ListItem","position":1,"name":"Products","item":"https:\/\/distribution.audio-technica.eu\/fr-fr\/"},{"@type":"ListItem","position":2,"name":"Produits","item":"https:\/\/distribution.audio-technica.eu\/fr-fr\/produits\/"},{"@type":"ListItem","position":3,"name":"Cuboid 8"}]},{"@type":"WebSite","@id":"https:\/\/distribution.audio-technica.eu\/fr-fr\/#website","url":"https:\/\/distribution.audio-technica.eu\/fr-fr\/","name":"FR Audio-Technica Distribution","description":"","potentialAction":[{"@type":"SearchAction","target":{"@type":"EntryPoint","urlTemplate":"https:\/\/distribution.audio-technica.eu\/fr-fr\/?s={search_term_string}"},"query-input":{"@type":"PropertyValueSpecification","valueRequired":true,"valueName":"search_term_string"}}],"inLanguage":"fr-FR"}]}},"_links":{"self":[{"href":"https:\/\/distribution.audio-technica.eu\/fr-fr\/wp-json\/wp\/v2\/product\/10650","targetHints":{"allow":["GET"]}}],"collection":[{"href":"https:\/\/distribution.audio-technica.eu\/fr-fr\/wp-json\/wp\/v2\/product"}],"about":[{"href":"https:\/\/distribution.audio-technica.eu\/fr-fr\/wp-json\/wp\/v2\/types\/product"}],"wp:featuredmedia":[{"embeddable":true,"href":"https:\/\/distribution.audio-technica.eu\/fr-fr\/wp-json\/wp\/v2\/media\/10692"}],"wp:attachment":[{"href":"https:\/\/distribution.audio-technica.eu\/fr-fr\/wp-json\/wp\/v2\/media?parent=10650"}],"wp:term":[{"taxonomy":"product_brand","embeddable":true,"href":"https:\/\/distribution.audio-technica.eu\/fr-fr\/wp-json\/wp\/v2\/product_brand?post=10650"},{"taxonomy":"product_cat","embeddable":true,"href":"https:\/\/distribution.audio-technica.eu\/fr-fr\/wp-json\/wp\/v2\/product_cat?post=10650"},{"taxonomy":"product_tag","embeddable":true,"href":"https:\/\/distribution.audio-technica.eu\/fr-fr\/wp-json\/wp\/v2\/product_tag?post=10650"}],"curies":[{"name":"wp","href":"https:\/\/api.w.org\/{rel}","templated":true}]}}